{"id":16759,"date":"2025-10-23T11:47:49","date_gmt":"2025-10-23T11:47:49","guid":{"rendered":"https:\/\/nation.com.ar\/peugeot\/?page_id=16759"},"modified":"2025-10-28T13:39:41","modified_gmt":"2025-10-28T13:39:41","slug":"nuevo-peugeot-408","status":"publish","type":"page","link":"https:\/\/nation.com.ar\/peugeot\/nuevo-peugeot-408\/","title":{"rendered":"Nuevo Peugeot 408"},"content":{"rendered":"<section class=\"wpb-content-wrapper\"><p>[vc_row full_width=&#8221;stretch_row&#8221; content_placement=&#8221;bottom&#8221; css=&#8221;.vc_custom_1761590693406{background-image: url(https:\/\/nation.com.ar\/peugeot\/wp-content\/uploads\/2025\/10\/408-portada-dk.webp?id=16786) !important;background-position: center !important;background-repeat: no-repeat !important;background-size: cover !important;}&#8221; el_class=&#8221;banner-408&#8243;][vc_column][vc_column_text]<\/p>\n<h1 style=\"text-align: right;\"><span style=\"font-size: 38px; color: #ffffff;\"><strong><span style=\"font-family: peugeotnewstyle;\">NUEVO 408<\/span><\/strong><\/span><br \/><span style=\"font-size: 24px; color: #ffffff;\"><strong><span style=\"font-family: peugeotnewstyle;\">IMPONENTE DESDE CUALQUIER \u00c1NGULO<\/span><\/strong><\/span><\/h1>\n<p>[\/vc_column_text][\/vc_column][\/vc_row][vc_row full_width=&#8221;stretch_row&#8221; equal_height=&#8221;yes&#8221; content_placement=&#8221;middle&#8221; css=&#8221;.vc_custom_1724250443962{padding-top: 20px !important;background-color: #1e73be !important;background-position: center !important;background-repeat: no-repeat !important;background-size: cover !important;}&#8221;][vc_column width=&#8221;1\/2&#8243; css=&#8221;.vc_custom_1722953121604{padding-right: 10px !important;padding-left: 10px !important;}&#8221;][vc_custom_heading text=&#8221;COTIZALO AQU\u00cd&#8221; font_container=&#8221;tag:h3|font_size:28|text_align:center&#8221; google_fonts=&#8221;font_family:Titillium%20Web%3A200%2C200italic%2C300%2C300italic%2Cregular%2Citalic%2C600%2C600italic%2C700%2C700italic%2C900|font_style:600%20bold%20regular%3A600%3Anormal&#8221; css_animation=&#8221;fadeInUp&#8221; skin=&#8221;light&#8221; link=&#8221;url:https%3A%2F%2Fapi.whatsapp.com%2Fsend%2F%3Fphone%3D5491159338690%26text%26type%3Dphone_number%26app_absent%3D0&#8243;][\/vc_column][vc_column width=&#8221;1\/2&#8243;][vc_custom_heading text=&#8221;FINANCIACI\u00d3N ESPECIAL DIRECTA DE FABRICA&#8221; font_container=&#8221;tag:h3|font_size:28|text_align:center&#8221; google_fonts=&#8221;font_family:Titillium%20Web%3A200%2C200italic%2C300%2C300italic%2Cregular%2Citalic%2C600%2C600italic%2C700%2C700italic%2C900|font_style:600%20bold%20regular%3A600%3Anormal&#8221; css_animation=&#8221;slideInRight&#8221; skin=&#8221;light&#8221; link=&#8221;url:https%3A%2F%2Fapi.whatsapp.com%2Fsend%2F%3Fphone%3D5491159338690%26text%26type%3Dphone_number%26app_absent%3D0&#8243; el_id=&#8221;scroll-text&#8221; el_class=&#8221;scroll-text&#8221;][\/vc_column][\/vc_row][vc_row full_width=&#8221;stretch_row&#8221; content_placement=&#8221;middle&#8221; css=&#8221;.vc_custom_1759428246474{background-color: #ffffff !important;background-position: center !important;background-repeat: no-repeat !important;background-size: cover !important;}&#8221; el_class=&#8221;principal&#8221;][vc_column css=&#8221;.vc_custom_1722953121604{padding-right: 10px !important;padding-left: 10px !important;}&#8221;][vc_empty_space height=&#8221;60px&#8221;][vc_column_text el_class=&#8221;principal&#8221;]<\/p>\n<h1 style=\"text-align: center;\"><span style=\"font-family: peugeotnewstyle;\"><strong><span style=\"font-size: 35px;\"><span style=\"color: #3366ff;\">NUEVO PEUGEOT 408<\/span><\/span><\/strong><\/span><\/h1>\n<h1 style=\"text-align: center;\"><strong><span style=\"font-size: 35px;\"><span style=\"font-family: peugeotnewstyle; color: #000000;\">IMPONENTE DESDE CUALQUIER \u00c1NGULO<\/span><\/span><\/strong><\/h1>\n<hr \/>\n<p>[\/vc_column_text][vc_column_text]<\/p>\n<div style=\"text-align: center;\">\n<div class=\"grid_builder_v2 grid_builder aem-GridColumn aem-GridColumn--default--12\">\n<div class=\"q-grid-container hide-for-small-only hide-for-medium-only grid-bg-transparent \">\n<div class=\"row hide-for-small-only hide-for-medium-only\">\n<div class=\"small-12 medium-12 columns\">\n<div class=\"aem-Grid aem-Grid--12 aem-Grid--default--12 \">\n<div class=\"headline_text_v2 headline_text aem-GridColumn aem-GridColumn--default--12\">\n<div class=\"q-mod q-mod-headline-text q-headline-text q-ht-stacked q-btn-bottom q-ht-expander-margin-none\">\n<div class=\"q-headline-container flexbox-container \">\n<div class=\"ht-content q-ht-paragraph flex-item q-rte-container\">\n<div><span class=\"q-font-color-black-light\" style=\"font-family: peugeotnewstyle; color: #000000;\">Descubr\u00ed el nuevo Peugeot 408, con su imponente marcada silueta fastback, el nuevo Peugeot i-cockpit, que har\u00e1n de tu experiencia de manejo, un momento \u00fanico y distintivo.<\/span><\/div>\n<\/div>\n<\/div>\n<\/div>\n<\/div>\n<\/div>\n<\/div>\n<\/div>\n<\/div>\n<\/div>\n<div class=\"grid_builder_v2 grid_builder aem-GridColumn aem-GridColumn--default--12\"><\/div>\n<\/div>\n<p>[\/vc_column_text][\/vc_column][\/vc_row][vc_row full_width=&#8221;stretch_row&#8221; content_placement=&#8221;middle&#8221; css=&#8221;.vc_custom_1724244007530{background-color: #ffffff !important;background-position: center !important;background-repeat: no-repeat !important;background-size: cover !important;}&#8221;][vc_column][vc_single_image image=&#8221;16788&#8243; img_size=&#8221;full&#8221;][\/vc_column][\/vc_row][vc_row full_width=&#8221;stretch_row&#8221; content_placement=&#8221;middle&#8221; css=&#8221;.vc_custom_1724244019432{background-color: #ffffff !important;background-position: center !important;background-repeat: no-repeat !important;background-size: cover !important;}&#8221;][vc_column width=&#8221;1\/2&#8243;][vc_single_image image=&#8221;16763&#8243; img_size=&#8221;full&#8221; css=&#8221;.vc_custom_1761222486092{padding-right: 10px !important;}&#8221;][\/vc_column][vc_column width=&#8221;1\/2&#8243;][vc_single_image image=&#8221;16787&#8243; img_size=&#8221;full&#8221; css=&#8221;.vc_custom_1761222613200{padding-left: 10px !important;}&#8221;][\/vc_column][vc_column][vc_separator color=&#8221;turquoise&#8221; border_width=&#8221;9&#8243;][\/vc_column][\/vc_row][vc_row full_width=&#8221;stretch_row_content&#8221; css=&#8221;.vc_custom_1756732710513{background-color: #ffffff !important;}&#8221;][vc_column][vc_column_text css=&#8221;.vc_custom_1761222689994{padding-top: 30px !important;padding-bottom: 30px !important;}&#8221; el_class=&#8221;titulo-ventajas&#8221;]<\/p>\n<div class=\"ht-headline-row \">\n<div class=\"ht-headline flex-item\" data-dtm-values=\"{&quot;dtm2&quot;:&quot;false&quot;,&quot;dtm1&quot;:&quot;headline expander&quot;}\">\n<div style=\"text-align: center;\"><span style=\"font-size: 40px; line-height: 42px; color: #000000;\"><strong><span class=\"font-36\" style=\"font-family: peugeotnewstyle;\">LAS PRINCIPALES VENTAJAS DEL NUEVO 408<\/span><\/strong><\/span><\/div>\n<\/div>\n<\/div>\n<hr \/>\n<p>[\/vc_column_text][vc_row_inner el_class=&#8221;ventajas&#8221;][vc_column_inner width=&#8221;1\/3&#8243;][vc_single_image image=&#8221;16791&#8243; img_size=&#8221;full&#8221; alignment=&#8221;center&#8221;][vc_column_text]<\/p>\n<div class=\"ht-headline-row \">\n<div class=\"ht-headline flex-item\" data-dtm-values=\"{&quot;dtm2&quot;:&quot;false&quot;,&quot;dtm1&quot;:&quot;headline expander&quot;}\">\n<div style=\"text-align: center;\"><span style=\"color: #000000; font-family: peugeotnewstyle;\"><span style=\"font-size: 20px;\"><b>UN NUEVO DISE\u00d1O RENOVADO<\/b><\/span><\/span><\/div>\n<\/div>\n<\/div>\n<p>[\/vc_column_text][vc_column_text]<\/p>\n<p style=\"text-align: center;\"><span style=\"font-size: 14px; font-family: peugeotnewstyle; color: #000000;\">Destacada silueta Fastback, que aporta dinamismo y fuerte presencia, a la elegancia de su dise\u00f1o.<\/span><\/p>\n<p>[\/vc_column_text][\/vc_column_inner][vc_column_inner width=&#8221;1\/3&#8243;][vc_single_image image=&#8221;16789&#8243; img_size=&#8221;full&#8221; alignment=&#8221;center&#8221;][vc_column_text]<\/p>\n<div class=\"ht-headline-row \">\n<div class=\"ht-headline flex-item\" data-dtm-values=\"{&quot;dtm2&quot;:&quot;false&quot;,&quot;dtm1&quot;:&quot;headline expander&quot;}\">\n<div style=\"text-align: center;\"><span style=\"color: #000000; font-family: peugeotnewstyle;\"><span style=\"font-size: 20px;\"><b>CONFORT Y RELAJACI\u00d3N<\/b><\/span><\/span><\/div>\n<\/div>\n<\/div>\n<p>[\/vc_column_text][vc_column_text]<\/p>\n<p style=\"text-align: center;\"><span style=\"font-size: 14px; font-family: peugeotnewstyle; color: #000000;\">Tecnolog\u00eda de \u00faltimo nivel con el Peugeot i &#8211; cockpit y asientos cuero alc\u00e1ntara &#8211; tela.<\/span><\/p>\n<p>[\/vc_column_text][\/vc_column_inner][vc_column_inner width=&#8221;1\/3&#8243;][vc_single_image image=&#8221;16790&#8243; img_size=&#8221;full&#8221; alignment=&#8221;center&#8221;][vc_column_text]<\/p>\n<div class=\"ht-headline-row \">\n<div class=\"ht-headline flex-item\" data-dtm-values=\"{&quot;dtm2&quot;:&quot;false&quot;,&quot;dtm1&quot;:&quot;headline expander&quot;}\">\n<div style=\"text-align: center;\"><span style=\"font-size: 20px; color: #000000;\"><strong><span class=\"font-36\" style=\"font-family: peugeotnewstyle;\">POTENCIA AL VOLANTE<\/span><\/strong><\/span><\/div>\n<\/div>\n<\/div>\n<p>[\/vc_column_text][vc_column_text]<\/p>\n<p style=\"text-align: center;\"><span style=\"font-size: 14px; font-family: peugeotnewstyle; color: #000000;\">Motor con potencia de 215cv y caja autom\u00e1tica de 8 marchas.<\/span><\/p>\n<p>[\/vc_column_text][\/vc_column_inner][\/vc_row_inner][\/vc_column][\/vc_row][vc_row full_width=&#8221;stretch_row&#8221; css=&#8221;.vc_custom_1724244133642{background-color: #ffffff !important;}&#8221;][vc_column][vc_column_text css=&#8221;.vc_custom_1757085511547{padding-top: 30px !important;}&#8221;]<\/p>\n<p style=\"text-align: center;\"><span style=\"font-size: 25px; color: #000000;\"><strong><span style=\"font-family: peugeotnewstyle;\">AFIRM\u00c1 TU ESTILO<\/span><\/strong><\/span><\/p>\n<p>[\/vc_column_text][vc_column_text]<\/p>\n<p style=\"text-align: center;\"><span style=\"font-size: 20px; font-family: peugeotnewstyle; color: #000000;\">Eleg\u00ed el color que m\u00e1s te atraiga entre los colores disponibles.<\/span><\/p>\n<p>[\/vc_column_text][vc_tta_tabs color=&#8221;black&#8221; tab_position=&#8221;bottom&#8221; alignment=&#8221;center&#8221; active_section=&#8221;1&#8243;][vc_tta_section i_icon_fontawesome=&#8221;fas fa-car&#8221; add_icon=&#8221;true&#8221; title=&#8221;VISTA FRONTAL&#8221; tab_id=&#8221;1756741352461-f6b71e63-493d&#8221;][vc_images_carousel images=&#8221;16765,16781,16779,16767&#8243; img_size=&#8221;full&#8221; onclick=&#8221;link_no&#8221;][\/vc_tta_section][vc_tta_section title=&#8221;VISTA TRASERA&#8221; tab_id=&#8221;1756741352461-e7ffa3f6-0072&#8243;][vc_images_carousel images=&#8221;16766,16782,16780,16768&#8243; img_size=&#8221;full&#8221; onclick=&#8221;link_no&#8221;][\/vc_tta_section][\/vc_tta_tabs][\/vc_column][\/vc_row][vc_row full_width=&#8221;stretch_row_content&#8221; css=&#8221;.vc_custom_1756814211164{background-color: #ffffff !important;}&#8221;][vc_column][vc_column_text css=&#8221;.vc_custom_1761223590689{padding-top: 30px !important;padding-bottom: 30px !important;}&#8221; el_class=&#8221;conoce&#8221;]<\/p>\n<div class=\"ht-headline-row \">\n<div class=\"ht-headline flex-item\" data-dtm-values=\"{&quot;dtm2&quot;:&quot;false&quot;,&quot;dtm1&quot;:&quot;headline expander&quot;}\">\n<div style=\"text-align: center;\"><span style=\"font-size: 40px; line-height: 42px; color: #000000;\"><strong><span class=\"font-36\" style=\"font-family: peugeotnewstyle;\">CONOC\u00c9 MAS DEL NUEVO 408 GT<\/span><\/strong><\/span><\/div>\n<\/div>\n<\/div>\n<p>[\/vc_column_text][vc_row_inner content_placement=&#8221;middle&#8221; css=&#8221;.vc_custom_1757085665864{background-color: #ffffff !important;}&#8221;][vc_column_inner width=&#8221;1\/2&#8243;][vc_single_image image=&#8221;16763&#8243; img_size=&#8221;full&#8221; css=&#8221;.vc_custom_1761223627715{padding-right: 15px !important;}&#8221;][\/vc_column_inner][vc_column_inner width=&#8221;1\/2&#8243;][vc_column_text]<span style=\"font-family: peugeotnewstyle; color: #000000;\"><strong><span style=\"font-size: 20px;\">408 GT<\/span><\/strong><\/span><\/p>\n<p><span style=\"font-family: peugeotnewstyle; color: #000000;\">La versi\u00f3n GT es el m\u00e1ximo y mejor modelo del nuevo Peugeot 408. Tiene equipamientos, funciones y detalles \u00fanicos de su versi\u00f3n que le permiten destacar y brindar una experiencia, verdaderamente GT.<\/span><\/p>\n<ul>\n<li><span style=\"font-family: peugeotnewstyle; color: #000000;\">Parrilla frontal color carrocer\u00eda<\/span><\/li>\n<li><span style=\"font-family: peugeotnewstyle;\">Faros matrix LED<\/span><\/li>\n<li><span style=\"font-family: peugeotnewstyle; color: #000000;\">Techo solar corredizo<\/span><\/li>\n<li><span style=\"font-family: peugeotnewstyle; color: #000000;\">Asientos de cuero alc\u00e1ntara y tela con costuras GT verdes<\/span><\/li>\n<li><span style=\"font-family: peugeotnewstyle; color: #000000;\">Peugeot i-Cockpit con pantalla multimedia de 10&#8243; y virtual i-toggles<\/span><\/li>\n<li><span style=\"font-family: peugeotnewstyle; color: #000000;\">Volante GT con levas de cambio<\/span><\/li>\n<li><span style=\"font-family: peugeotnewstyle; color: #000000;\">9+ ADAS<\/span><\/li>\n<\/ul>\n<p><span style=\"font-family: peugeotnewstyle; color: #000000;\">Disponible en colores Negro Perla, Blanco Okenite, Azul Obsession y Gris Selenium<\/span><\/p>\n<p><span style=\"font-family: peugeotnewstyle; color: #3366ff;\"><strong>*Disponible \u00fanicamente en versi\u00f3n nafta con motor THP y caja de 8 velocidades.<\/strong><\/span>[\/vc_column_text][\/vc_column_inner][\/vc_row_inner][vc_column_text css=&#8221;.vc_custom_1757085556098{padding-top: 30px !important;}&#8221;]<\/p>\n<p style=\"text-align: center;\"><span style=\"font-size: 25px; color: #000000;\"><strong><span style=\"font-family: peugeotnewstyle;\">EMOCI\u00d3N<\/span><\/strong><\/span><\/p>\n<p>[\/vc_column_text][vc_column_text]<\/p>\n<p style=\"text-align: center;\"><span style=\"font-family: peugeotnewstyle; color: #000000;\">Disfrut\u00e1 de un nivel de placer de conducci\u00f3n serena sin precedentes con el espectacular PEUGEOT Panoramic i-Cockpit\u00ae conectado y su nueva gama de ayudas a la conducci\u00f3n.<\/span><\/p>\n<p>[\/vc_column_text][vc_row_inner el_class=&#8221;emocion&#8221;][vc_column_inner width=&#8221;1\/4&#8243; offset=&#8221;vc_col-xs-6&#8243;][vc_icon icon_fontawesome=&#8221;far fa-eye&#8221; color=&#8221;custom&#8221; size=&#8221;xl&#8221; align=&#8221;center&#8221; custom_color=&#8221;#1e73be&#8221;][vc_column_text]<\/p>\n<p style=\"text-align: center;\"><span style=\"color: #000000;\"><strong><span style=\"font-family: peugeotnewstyle;\">PEUGEOT<br \/>\ni-COCKPIT<\/span><\/strong><\/span>[\/vc_column_text][\/vc_column_inner][vc_column_inner width=&#8221;1\/4&#8243; offset=&#8221;vc_col-xs-6&#8243;][vc_icon icon_fontawesome=&#8221;fas fa-desktop&#8221; color=&#8221;custom&#8221; size=&#8221;xl&#8221; align=&#8221;center&#8221; custom_color=&#8221;#1e73be&#8221;][vc_column_text]<\/p>\n<p style=\"text-align: center;\"><span style=\"color: #000000;\"><strong><span style=\"font-family: peugeotnewstyle;\">PANEL<br \/>\ni &#8211; CONNECT ADVANCED<\/span><\/strong><\/span>[\/vc_column_text][\/vc_column_inner][vc_column_inner width=&#8221;1\/4&#8243; offset=&#8221;vc_col-xs-6&#8243;][vc_icon icon_fontawesome=&#8221;fas fa-fire-alt&#8221; color=&#8221;custom&#8221; size=&#8221;xl&#8221; align=&#8221;center&#8221; custom_color=&#8221;#1e73be&#8221;][vc_column_text]<\/p>\n<p style=\"text-align: center;\"><span style=\"color: #000000;\"><strong><span style=\"font-family: peugeotnewstyle;\">ASIENTOS MASAJEADORES CALEFACCIONADOS<\/span><\/strong><\/span><\/p>\n<p>[\/vc_column_text][\/vc_column_inner][vc_column_inner width=&#8221;1\/4&#8243; offset=&#8221;vc_col-xs-6&#8243;][vc_icon icon_fontawesome=&#8221;fas fa-radiation-alt&#8221; color=&#8221;custom&#8221; size=&#8221;xl&#8221; align=&#8221;center&#8221; custom_color=&#8221;#1e73be&#8221;][vc_column_text]<\/p>\n<p style=\"text-align: center;\"><span style=\"color: #000000;\"><strong><span style=\"font-family: peugeotnewstyle;\">AYUDAS A LA CONDUCCI\u00d3N<\/span><\/strong><\/span><\/p>\n<p>[\/vc_column_text][\/vc_column_inner][\/vc_row_inner][vc_tta_tabs color=&#8221;sky&#8221; alignment=&#8221;center&#8221; active_section=&#8221;1&#8243; css=&#8221;.vc_custom_1756814674439{background-color: #ffffff !important;}&#8221;][vc_tta_section i_position=&#8221;right&#8221; i_icon_fontawesome=&#8221;fas fa-arrow-down&#8221; add_icon=&#8221;true&#8221; title=&#8221;1\/4&#8243; tab_id=&#8221;1724247226023-48b7112a-a6fb&#8221;][vc_row_inner content_placement=&#8221;middle&#8221; css=&#8221;.vc_custom_1757085716008{background-color: #ffffff !important;}&#8221;][vc_column_inner width=&#8221;1\/2&#8243;][vc_column_text]<span style=\"font-family: peugeotnewstyle; color: #000000;\"><strong><span style=\"font-size: 20px;\">NUEVO PEUGEOT<br \/>\nI &#8211; COCKPIT<\/span><\/strong><\/span><\/p>\n<p><span style=\"color: #000000; font-family: peugeotnewstyle;\">Viv\u00ed tu experiencia de conducci\u00f3n al m\u00e1ximo con el nuevo Peugeot i &#8211; Cockpit<\/span><\/p>\n<ul>\n<li><span style=\"font-family: peugeotnewstyle;\">Pantalla multimedia t\u00e1ctil de 10&#8243;<\/span><\/li>\n<li><span style=\"font-family: peugeotnewstyle;\">Volante compacto con control t\u00e1ctil para optimizar y facilitar el acceso a funciones.<\/span><\/li>\n<li><span style=\"font-family: peugeotnewstyle;\">Los i &#8211; Toggles t\u00e1ctiles personalizables y configurables te ofrecen acceso r\u00e1pido a sus funciones favoritas para un manejo intuitivo.\u00a0<\/span><\/li>\n<\/ul>\n<p>[\/vc_column_text][\/vc_column_inner][vc_column_inner width=&#8221;1\/2&#8243;][vc_single_image image=&#8221;16772&#8243; img_size=&#8221;full&#8221;][\/vc_column_inner][\/vc_row_inner][\/vc_tta_section][vc_tta_section i_position=&#8221;right&#8221; i_icon_fontawesome=&#8221;fas fa-arrow-down&#8221; add_icon=&#8221;true&#8221; title=&#8221;2\/4&#8243; tab_id=&#8221;1756744740035-3adaf576-0537&#8243;][vc_row_inner content_placement=&#8221;middle&#8221; css=&#8221;.vc_custom_1757085723283{background-color: #ffffff !important;}&#8221;][vc_column_inner width=&#8221;1\/2&#8243;][vc_column_text]<span style=\"font-family: peugeotnewstyle; color: #000000;\"><strong><span style=\"font-size: 20px;\">PEUGEOT I-CONNECT ADVANCED<\/span><\/strong><\/span><\/p>\n<p><span style=\"color: #000000; font-family: peugeotnewstyle;\">El sistema de entretenimiento i- Connect Advanced con reconocimiento de voz y ergonom\u00eda similar a la de un tel\u00e9fono inteligente te brinda acceso a navegaci\u00f3n conectada.<\/span>[\/vc_column_text][\/vc_column_inner][vc_column_inner width=&#8221;1\/2&#8243;][vc_single_image image=&#8221;16773&#8243; img_size=&#8221;full&#8221;][\/vc_column_inner][\/vc_row_inner][\/vc_tta_section][vc_tta_section i_position=&#8221;right&#8221; i_icon_fontawesome=&#8221;fas fa-arrow-down&#8221; add_icon=&#8221;true&#8221; title=&#8221;3\/4&#8243; tab_id=&#8221;1724247226025-23b07dff-1f1c&#8221;][vc_row_inner content_placement=&#8221;middle&#8221; css=&#8221;.vc_custom_1757085731486{background-color: #ffffff !important;}&#8221;][vc_column_inner width=&#8221;1\/2&#8243;][vc_column_text]<span style=\"font-family: peugeotnewstyle; color: #000000;\"><strong><span style=\"font-size: 20px;\">COMODIDAD Y SERENIDAD<\/span><\/strong><\/span><\/p>\n<p><span style=\"color: #000000; font-family: peugeotnewstyle;\">Redefin\u00ed tu bienestar, con el nuevo 408.<\/span><\/p>\n<ul>\n<li><span style=\"font-family: peugeotnewstyle;\">Iluminaci\u00f3n ambiental con colores personalizables<\/span><\/li>\n<li><span style=\"font-family: peugeotnewstyle;\">Clean Cabin (Sensado y filtrado de aire en habit\u00e1culo)<\/span><\/li>\n<li><span style=\"font-family: peugeotnewstyle;\">Asientos delanteros el\u00e9ctricos, con calefaccionador y masajeador<\/span><\/li>\n<li><span style=\"font-family: peugeotnewstyle;\">Tapizado cuero alc\u00e1ntara y tela<\/span><\/li>\n<\/ul>\n<p>[\/vc_column_text][\/vc_column_inner][vc_column_inner width=&#8221;1\/2&#8243;][vc_single_image image=&#8221;16774&#8243; img_size=&#8221;full&#8221;][\/vc_column_inner][\/vc_row_inner][\/vc_tta_section][vc_tta_section i_position=&#8221;right&#8221; i_icon_fontawesome=&#8221;fas fa-arrow-down&#8221; add_icon=&#8221;true&#8221; title=&#8221;4\/4&#8243; tab_id=&#8221;1724247226026-c4d90709-c5fa&#8221;][vc_row_inner content_placement=&#8221;middle&#8221; css=&#8221;.vc_custom_1757085738178{background-color: #ffffff !important;}&#8221;][vc_column_inner width=&#8221;1\/2&#8243;][vc_column_text]<span style=\"font-family: peugeotnewstyle; color: #000000;\"><strong><span style=\"font-size: 20px;\">AYUDAS A LA CONDUCCI\u00d3N<\/span><\/strong><\/span><\/p>\n<p><span style=\"color: #000000; font-family: peugeotnewstyle;\">Disfruta de seguridad y tranquilidad al viajar, con las ayudas a la conducci\u00f3n de \u00faltima generaci\u00f3n del nuevo 408, tales como:<\/span><\/p>\n<ul>\n<li><span style=\"color: #000000; font-family: peugeotnewstyle;\">Asistencia para el posicionamiento dentro del carril<\/span><\/li>\n<li><span style=\"color: #000000; font-family: peugeotnewstyle;\">Alerta por cambio de carril<\/span><\/li>\n<li><span style=\"color: #000000; font-family: peugeotnewstyle;\">Freno de seguridad post colisi\u00f3n<\/span><\/li>\n<li><span style=\"color: #000000; font-family: peugeotnewstyle;\">Sensores delanteros y traseros de estacionamiento<\/span><\/li>\n<li><span style=\"color: #000000; font-family: peugeotnewstyle;\">Detecci\u00f3n de punto ciego de largo alcance<\/span><\/li>\n<li><span style=\"color: #000000; font-family: peugeotnewstyle;\">Indicador de l\u00edmite de velocidad (lectura de se\u00f1ales de tr\u00e1nsito)<\/span><\/li>\n<li><span style=\"font-family: peugeotnewstyle;\">Alerta de trafico cruzado trasero al circular en reversa<\/span><\/li>\n<li><span style=\"font-family: peugeotnewstyle;\">C\u00e1mara de visi\u00f3n 360\u00b0 de 4 c\u00e1maras<\/span><\/li>\n<li><span style=\"font-family: peugeotnewstyle;\">Indicador de descanso recomendado<\/span><\/li>\n<li><span style=\"font-family: peugeotnewstyle;\">Control de crucero auto adaptativo<\/span><\/li>\n<\/ul>\n<p>[\/vc_column_text][\/vc_column_inner][vc_column_inner width=&#8221;1\/2&#8243;][vc_single_image image=&#8221;16775&#8243; img_size=&#8221;full&#8221;][\/vc_column_inner][\/vc_row_inner][\/vc_tta_section][\/vc_tta_tabs][vc_column_text css=&#8221;.vc_custom_1761227258301{padding-top: 30px !important;}&#8221;]<\/p>\n<p style=\"text-align: center;\"><span style=\"font-size: 25px; color: #000000;\"><strong><span style=\"font-family: peugeotnewstyle;\">IMPONENTE Y SOFISTICADO<\/span><\/strong><\/span><\/p>\n<p>[\/vc_column_text][vc_column_text]<\/p>\n<div style=\"text-align: center;\"><span class=\"q-font-color-black-light\" style=\"font-family: peugeotnewstyle; color: #000000;\">Gracias a su silueta y equipamiento, el nuevo 408, destaca a primera vista desde el exterior o interior.<\/span><\/div>\n<p>[\/vc_column_text][vc_tta_tabs color=&#8221;sky&#8221; alignment=&#8221;center&#8221; active_section=&#8221;1&#8243; css=&#8221;.vc_custom_1756814674439{background-color: #ffffff !important;}&#8221;][vc_tta_section i_position=&#8221;right&#8221; i_icon_fontawesome=&#8221;fas fa-arrow-down&#8221; add_icon=&#8221;true&#8221; title=&#8221;1\/3&#8243; tab_id=&#8221;1756814697139-26973f71-569c&#8221;][vc_row_inner content_placement=&#8221;middle&#8221; css=&#8221;.vc_custom_1756825000381{background-color: #ffffff !important;}&#8221;][vc_column_inner width=&#8221;1\/2&#8243;][vc_single_image image=&#8221;16776&#8243; img_size=&#8221;full&#8221; css=&#8221;.vc_custom_1761227374086{padding-right: 15px !important;}&#8221;][\/vc_column_inner][vc_column_inner width=&#8221;1\/2&#8243;][vc_column_text css=&#8221;.vc_custom_1761227807220{padding-top: 30px !important;}&#8221;]<span style=\"font-family: peugeotnewstyle; color: #000000;\"><strong><span style=\"font-size: 20px;\">PRESENCIA FRONTAL<\/span><\/strong><\/span><\/p>\n<p><span style=\"color: #000000; font-family: peugeotnewstyle;\">El nuevo 408 posee un frente que cautiva y atrae a quien lo mire. Cuenta con faros Matrix LED, en compa\u00f1\u00eda de los faros colmillo DRL LED. A ellos, se le suma su parrilla en color carrocer\u00eda que en combinaci\u00f3n con el gran motor de 215cv, hacen del frente del nuevo 408 un dise\u00f1o elegante y deportivo, respaldado por su potencia.\u00a0<\/span>[\/vc_column_text][\/vc_column_inner][\/vc_row_inner][\/vc_tta_section][vc_tta_section i_position=&#8221;right&#8221; i_icon_fontawesome=&#8221;fas fa-arrow-down&#8221; add_icon=&#8221;true&#8221; title=&#8221;2\/3&#8243; tab_id=&#8221;1756814697141-9e139f6b-b45b&#8221;][vc_row_inner content_placement=&#8221;middle&#8221; css=&#8221;.vc_custom_1757085909662{background-color: #ffffff !important;}&#8221;][vc_column_inner width=&#8221;1\/2&#8243;][vc_single_image image=&#8221;16777&#8243; img_size=&#8221;full&#8221; css=&#8221;.vc_custom_1761227841197{padding-right: 15px !important;}&#8221;][\/vc_column_inner][vc_column_inner width=&#8221;1\/2&#8243;][vc_column_text css=&#8221;.vc_custom_1761228216203{padding-top: 30px !important;}&#8221;]<span style=\"font-family: peugeotnewstyle; color: #000000;\"><strong><span style=\"font-size: 20px;\">DISE\u00d1O LATERAL<\/span><\/strong><\/span><\/p>\n<p><span style=\"color: #000000; font-family: peugeotnewstyle;\">Acompa\u00f1ando su innovador dise\u00f1o lateral, con l\u00edneas din\u00e1micas, se encuentran las destacadas llantas de 20&#8243; junto con los embecelledores de pasa ruedas en negro piano, caracter\u00edsticas totalmente distintivas de modelo, que buscan aportar un valor diferencial a la experiencia de manejo de nuevo 408.\u00a0<\/span>[\/vc_column_text][\/vc_column_inner][\/vc_row_inner][\/vc_tta_section][vc_tta_section i_position=&#8221;right&#8221; i_icon_fontawesome=&#8221;fas fa-arrow-down&#8221; add_icon=&#8221;true&#8221; title=&#8221;3\/3&#8243; tab_id=&#8221;1756814697142-5637895e-48ed&#8221;][vc_row_inner content_placement=&#8221;middle&#8221; css=&#8221;.vc_custom_1757085916530{background-color: #ffffff !important;}&#8221;][vc_column_inner width=&#8221;1\/2&#8243;][vc_single_image image=&#8221;16796&#8243; img_size=&#8221;full&#8221; css=&#8221;.vc_custom_1761228295500{padding-right: 15px !important;}&#8221;][\/vc_column_inner][vc_column_inner width=&#8221;1\/2&#8243;][vc_column_text css=&#8221;.vc_custom_1761228411922{padding-top: 30px !important;}&#8221;]<span style=\"font-family: peugeotnewstyle; color: #000000;\"><strong><span style=\"font-size: 20px;\">CONFORT INTERIOR<\/span><\/strong><\/span><\/p>\n<p><span style=\"color: #000000; font-family: peugeotnewstyle;\">El nuevo 408 cuenta con asientos de cuero alc\u00e1ntara y tela en su interior, como as\u00ed tambi\u00e9n con un techo solar el\u00e9ctrico corredizo. Tambi\u00e9n posee emblemas destacados, como en su volante que remarcan la identidad del GT.<\/span>[\/vc_column_text][\/vc_column_inner][\/vc_row_inner][\/vc_tta_section][\/vc_tta_tabs][\/vc_column][\/vc_row][vc_row full_width=&#8221;stretch_row_content&#8221; css=&#8221;.vc_custom_1756815901804{background-color: #ffffff !important;}&#8221;][vc_column][vc_column_text css=&#8221;.vc_custom_1757085585507{padding-top: 30px !important;}&#8221;]<\/p>\n<p style=\"text-align: center;\"><span style=\"font-size: 25px; color: #000000;\"><strong><span style=\"font-family: peugeotnewstyle;\">DIMENSIONES<\/span><\/strong><\/span><\/p>\n<p>[\/vc_column_text][vc_tta_tabs color=&#8221;sky&#8221; alignment=&#8221;center&#8221; active_section=&#8221;1&#8243; css=&#8221;.vc_custom_1756815934863{background-color: #ffffff !important;}&#8221;][vc_tta_section i_position=&#8221;right&#8221; i_icon_fontawesome=&#8221;fas fa-arrow-down&#8221; add_icon=&#8221;true&#8221; title=&#8221;1\/3&#8243; tab_id=&#8221;1724248296478-8c020978-5124&#8243;][vc_row_inner content_placement=&#8221;middle&#8221; css=&#8221;.vc_custom_1756825011350{background-color: #ffffff !important;}&#8221;][vc_column_inner width=&#8221;1\/2&#8243;][vc_column_text]<span style=\"font-family: peugeotnewstyle; color: #000000;\"><strong><span style=\"font-size: 20px;\">DIMENSIONES EXTERIORES DEL NUEVO 408<\/span><\/strong><\/span><\/p>\n<ul>\n<li><span style=\"color: #000000; font-family: peugeotnewstyle;\">Longitud: 4.687 mm<\/span><\/li>\n<li><span style=\"font-family: peugeotnewstyle; color: #000000;\">Ancho: 1.848 mm<\/span><\/li>\n<li><span style=\"font-family: peugeotnewstyle; color: #000000;\">Altura: 1.493 mm<\/span><\/li>\n<\/ul>\n<p>[\/vc_column_text][\/vc_column_inner][vc_column_inner width=&#8221;1\/2&#8243;][vc_single_image image=&#8221;16769&#8243; img_size=&#8221;full&#8221;][\/vc_column_inner][\/vc_row_inner][\/vc_tta_section][vc_tta_section i_position=&#8221;right&#8221; i_icon_fontawesome=&#8221;fas fa-arrow-down&#8221; add_icon=&#8221;true&#8221; title=&#8221;2\/3&#8243; tab_id=&#8221;1724248296480-1981dc3f-24a1&#8243;][vc_row_inner content_placement=&#8221;middle&#8221; css=&#8221;.vc_custom_1757085930141{background-color: #ffffff !important;}&#8221;][vc_column_inner width=&#8221;1\/2&#8243;][vc_column_text]<span style=\"font-family: peugeotnewstyle; color: #000000;\"><strong><span style=\"font-size: 20px;\">DIMENSIONES INTERIORES DEL NUEVO 408<\/span><\/strong><\/span><\/p>\n<p><span style=\"color: #000000;\"><span style=\"color: #000000; font-family: peugeotnewstyle;\">Delantera (Fila 1)<\/span><\/span><\/p>\n<ul>\n<li><span style=\"font-family: peugeotnewstyle; color: #000000;\">Ancho de codos: 1.443 mm<\/span><\/li>\n<li><span style=\"font-family: peugeotnewstyle; color: #000000;\">Altura del torso: 891 mm<\/span><\/li>\n<\/ul>\n<p><span style=\"font-family: peugeotnewstyle; color: #000000;\">Trasera (Fila 2)<\/span><\/p>\n<ul>\n<li><span style=\"font-family: peugeotnewstyle; color: #000000;\">Ancho de codos: 1.445 mm<\/span><\/li>\n<li><span style=\"font-family: peugeotnewstyle; color: #000000;\">Espacio para las rodillas: 260 mm<\/span><\/li>\n<\/ul>\n<p>[\/vc_column_text][\/vc_column_inner][vc_column_inner width=&#8221;1\/2&#8243;][vc_single_image image=&#8221;16770&#8243; img_size=&#8221;full&#8221;][\/vc_column_inner][\/vc_row_inner][\/vc_tta_section][vc_tta_section i_position=&#8221;right&#8221; i_icon_fontawesome=&#8221;fas fa-arrow-down&#8221; add_icon=&#8221;true&#8221; title=&#8221;3\/3&#8243; tab_id=&#8221;1724248296481-e251c050-9057&#8243;][vc_row_inner content_placement=&#8221;middle&#8221; css=&#8221;.vc_custom_1757085936605{background-color: #ffffff !important;}&#8221;][vc_column_inner width=&#8221;1\/2&#8243;][vc_column_text]<span style=\"font-family: peugeotnewstyle; color: #000000;\"><strong><span style=\"font-size: 20px;\">CAPACIDAD DEL BA\u00daL DEL NUEVO 408<\/span><\/strong><\/span><\/p>\n<ul>\n<li><span style=\"color: #000000; font-family: peugeotnewstyle;\">Hasta 588 litros VDA (Volumen de agua)<\/span><\/li>\n<li><span style=\"font-family: peugeotnewstyle; color: #000000;\">Abatiendo butacas traseras, hasta 1611 Litros VDA<\/span><\/li>\n<\/ul>\n<p>[\/vc_column_text][\/vc_column_inner][vc_column_inner width=&#8221;1\/2&#8243;][vc_single_image image=&#8221;16771&#8243; img_size=&#8221;full&#8221;][\/vc_column_inner][\/vc_row_inner][\/vc_tta_section][\/vc_tta_tabs][\/vc_column][\/vc_row][vc_row full_width=&#8221;stretch_row_content&#8221; css=&#8221;.vc_custom_1756816469678{background-color: #ffffff !important;}&#8221;][vc_column][vc_column_text css=&#8221;.vc_custom_1757085595438{padding-top: 30px !important;}&#8221;]<\/p>\n<p style=\"text-align: center;\"><span style=\"font-size: 25px; color: #000000;\"><strong><span style=\"font-family: peugeotnewstyle;\">MOTORIZACI\u00d3N<\/span><\/strong><\/span><\/p>\n<p>[\/vc_column_text][vc_tta_tabs style=&#8221;outline&#8221; color=&#8221;peacoc&#8221; active_section=&#8221;1&#8243;][vc_tta_section title=&#8221;NUEVO 408&#8243; tab_id=&#8221;1724255843115-752f31fb-afbb&#8221;][vc_row_inner content_placement=&#8221;middle&#8221;][vc_column_inner width=&#8221;1\/2&#8243;][vc_single_image image=&#8221;16799&#8243; img_size=&#8221;full&#8221; css=&#8221;.vc_custom_1761228868978{padding-right: 15px !important;}&#8221;][\/vc_column_inner][vc_column_inner width=&#8221;1\/2&#8243;][vc_column_text]<\/p>\n<ul>\n<li><span style=\"font-family: peugeotnewstyle; color: #000000;\">Motor THP<\/span><\/li>\n<li><span style=\"font-family: peugeotnewstyle; color: #000000;\">Cilindrada: 1.598 cm3<\/span><\/li>\n<li><span style=\"font-family: peugeotnewstyle; color: #000000;\">Potencia: 215 CV a 5.500 RPM<\/span><\/li>\n<li><span style=\"font-family: peugeotnewstyle; color: #000000;\">Torque: 300 Nm a 2.000 RPM<\/span><\/li>\n<\/ul>\n<p><span style=\"font-family: peugeotnewstyle; color: #000000;\">Asociado a este gran motor, se encuentra un destacada caja de 8 velocidades, que te permitir\u00e1n obtener un rendimiento y manejo din\u00e1mico \u00fanico.<\/span>[\/vc_column_text][\/vc_column_inner][\/vc_row_inner][\/vc_tta_section][\/vc_tta_tabs][\/vc_column][\/vc_row][vc_row][vc_column width=&#8221;1\/2&#8243;][vc_btn title=&#8221;FICHA T\u00c9CNICA&#8221; style=&#8221;3d&#8221; color=&#8221;primary&#8221; size=&#8221;lg&#8221; align=&#8221;center&#8221; button_block=&#8221;true&#8221; link=&#8221;url:https%3A%2F%2Fnation.com.ar%2Fpeugeot%2Fwp-content%2Fuploads%2F2025%2F10%2F20251009-ft-408.pdf&#8221;][\/vc_column][vc_column width=&#8221;1\/2&#8243;][vc_btn title=&#8221;CONTACTAR UN ASESOR&#8221; style=&#8221;3d&#8221; color=&#8221;primary&#8221; size=&#8221;lg&#8221; align=&#8221;center&#8221; button_block=&#8221;true&#8221; link=&#8221;url:https%3A%2F%2Fwa.me%2F5491159338690&#8243;][\/vc_column][\/vc_row]<\/p>\n<\/section>","protected":false},"excerpt":{"rendered":"<p>[vc_row full_width=&#8221;stretch_row&#8221; content_placement=&#8221;bottom&#8221; css=&#8221;.vc_custom_1761590693406{background-image: url(https:\/\/nation.com.ar\/peugeot\/wp-content\/uploads\/2025\/10\/408-portada-dk.webp?id=16786) !important;background-position: center !important;background-repeat: no-repeat !important;background-size: cover !important;}&#8221; el_class=&#8221;banner-408&#8243;][vc_column][vc_column_text] NUEVO 408IMPONENTE DESDE CUALQUIER \u00c1NGULO [\/vc_column_text][\/vc_column][\/vc_row][vc_row full_width=&#8221;stretch_row&#8221; equal_height=&#8221;yes&#8221; content_placement=&#8221;middle&#8221; css=&#8221;.vc_custom_1724250443962{padding-top: 20px !important;background-color: #1e73be !important;background-position: center !important;background-repeat: no-repeat !important;background-size: cover !important;}&#8221;][vc_column width=&#8221;1\/2&#8243; css=&#8221;.vc_custom_1722953121604{padding-right: 10px !important;padding-left: 10px !important;}&#8221;][vc_custom_heading text=&#8221;COTIZALO AQU\u00cd&#8221; font_container=&#8221;tag:h3|font_size:28|text_align:center&#8221; google_fonts=&#8221;font_family:Titillium%20Web%3A200%2C200italic%2C300%2C300italic%2Cregular%2Citalic%2C600%2C600italic%2C700%2C700italic%2C900|font_style:600%20bold%20regular%3A600%3Anormal&#8221; css_animation=&#8221;fadeInUp&#8221; skin=&#8221;light&#8221; link=&#8221;url:https%3A%2F%2Fapi.whatsapp.com%2Fsend%2F%3Fphone%3D5491159338690%26text%26type%3Dphone_number%26app_absent%3D0&#8243;][\/vc_column][vc_column width=&#8221;1\/2&#8243;][vc_custom_heading text=&#8221;FINANCIACI\u00d3N ESPECIAL DIRECTA DE FABRICA&#8221; font_container=&#8221;tag:h3|font_size:28|text_align:center&#8221; google_fonts=&#8221;font_family:Titillium%20Web%3A200%2C200italic%2C300%2C300italic%2Cregular%2Citalic%2C600%2C600italic%2C700%2C700italic%2C900|font_style:600%20bold%20regular%3A600%3Anormal&#8221; css_animation=&#8221;slideInRight&#8221; [&hellip;]<\/p>\n","protected":false},"author":1,"featured_media":0,"parent":0,"menu_order":0,"comment_status":"closed","ping_status":"closed","template":"","meta":{"footnotes":""},"class_list":["post-16759","page","type-page","status-publish","hentry"],"_links":{"self":[{"href":"https:\/\/nation.com.ar\/peugeot\/wp-json\/wp\/v2\/pages\/16759","targetHints":{"allow":["GET"]}}],"collection":[{"href":"https:\/\/nation.com.ar\/peugeot\/wp-json\/wp\/v2\/pages"}],"about":[{"href":"https:\/\/nation.com.ar\/peugeot\/wp-json\/wp\/v2\/types\/page"}],"author":[{"embeddable":true,"href":"https:\/\/nation.com.ar\/peugeot\/wp-json\/wp\/v2\/users\/1"}],"replies":[{"embeddable":true,"href":"https:\/\/nation.com.ar\/peugeot\/wp-json\/wp\/v2\/comments?post=16759"}],"version-history":[{"count":40,"href":"https:\/\/nation.com.ar\/peugeot\/wp-json\/wp\/v2\/pages\/16759\/revisions"}],"predecessor-version":[{"id":16874,"href":"https:\/\/nation.com.ar\/peugeot\/wp-json\/wp\/v2\/pages\/16759\/revisions\/16874"}],"wp:attachment":[{"href":"https:\/\/nation.com.ar\/peugeot\/wp-json\/wp\/v2\/media?parent=16759"}],"curies":[{"name":"wp","href":"https:\/\/api.w.org\/{rel}","templated":true}]}}